{"id":349,"date":"2024-02-16T08:14:08","date_gmt":"2024-02-16T07:14:08","guid":{"rendered":"https:\/\/eager-benz.45-82-188-209.plesk.page\/product\/vf180-12-viewfinder-46112\/"},"modified":"2024-04-19T16:22:34","modified_gmt":"2024-04-19T14:22:34","slug":"vf180-12-viewfinder-46112","status":"publish","type":"product","link":"https:\/\/seaandsea.eu\/sv\/produkt\/vf180-12-viewfinder-46112\/","title":{"rendered":"VF180 1.2 s\u00f6kare"},"content":{"rendered":"","protected":false},"excerpt":{"rendered":"<p>VF180 1,2x<br \/>\nProduktnummer 46112<\/p>\n<p><span>Rakt prismas\u00f6kare kompatibel med hus i RDX- och MDX-serien. Kan monteras p\u00e5 huset genom att ers\u00e4tta den ursprungliga s\u00f6karen. F\u00f6rstoringsfaktorn \u00e4r 1,2x utan att ge avkall p\u00e5 synf\u00e4ltet. Eftersom VF180 1,2x \u00e4r en rak s\u00f6kare kan du komponera dina bilder som om du tittade direkt genom kamerans s\u00f6kare. De optiska linserna med 8 element och 6 grupper \u00e5terger naturliga f\u00e4rger. S\u00f6karen \u00e4r fylld med kv\u00e4vgas f\u00f6r att f\u00f6rhindra kondens och imma. \u00d6gonskyddet garanterar en klar bild eftersom inget ljus kan tr\u00e4nga in i s\u00f6karen.<br \/>\n* Ett tillbeh\u00f6r beh\u00f6vs f\u00f6r att f\u00e4sta s\u00f6karen p\u00e5 kamerahuset.<\/span><\/p>\n<p><strong>Specifikationer<\/strong><br \/>\n<span>Konstruktion: korrosionsbest\u00e4ndig aluminiumlegering<br \/>\nDjupklassning: 100m \/ 330ft<br \/>\n<\/span><span>M\u00e5tt (DIAxD): 45\u00d7111 mm \/ 1,8 x 4,4 tum<br \/>\nVikt: 275 g \/ 9,6 oz<br \/>\nKompatibla kapslingar: (modeller tillverkade efter \u00e5r 2007)RDX-750D RDX-100D RDX-650D RDX-600D RDX-550D<br \/>\n(*2) MDX-D850 (*3) MDX-5D Mark IV MDX-80D MDX-D500 MDX-EM5 Mark II06177 MDX-\u03b17 II MDX-5D Mark III ver.2 MDX-7D Mark II MDX-70D MDX-5D Mark III MDX-6D MDX-7D MDX-PRO 5D Mark II\uff08*1\uff09MDX-40D\uff08*2\uff09MDX-D800 MDX-D7100 MDX-D7000 MDX-D300s MDX-PRO D700 MDX-PRO D3 \uff08*2\uff09 MDX-D300(*2)<\/p>\n<p>* 1 Avst\u00e5ndsh\u00e5llare f\u00f6r tillbeh\u00f6r kr\u00e4vs f\u00f6r att montera s\u00f6karen p\u00e5 huset.<br \/>\n* 2 Fabriksmodifiering kr\u00e4vs f\u00f6r att installera s\u00f6karen. V\u00e4nligen kontakta en officiell SEA &amp; SEA-\u00e5terf\u00f6rs\u00e4ljare eller distribut\u00f6r.<br \/>\n* 3 Den nedre delen av kamerans s\u00f6kare (d\u00e4r fotograferingsdata visas) kan inte ses p\u00e5 grund av vinjettering.<\/span><\/p>","protected":false},"featured_media":350,"comment_status":"closed","ping_status":"closed","template":"","meta":{"_acf_changed":false},"product_cat":[44,188],"product_tag":[201,38,180,202],"class_list":{"0":"post-349","1":"product","2":"type-product","3":"status-publish","4":"has-post-thumbnail","6":"product_cat-accessoires","7":"product_cat-behuizing-accessoires","8":"product_tag-201","9":"product_tag-sea-sea","10":"product_tag-stay","11":"product_tag-viewfinder","13":"first","14":"instock","15":"product-type-simple"},"acf":[],"_links":{"self":[{"href":"https:\/\/seaandsea.eu\/sv\/wp-json\/wp\/v2\/product\/349","targetHints":{"allow":["GET"]}}],"collection":[{"href":"https:\/\/seaandsea.eu\/sv\/wp-json\/wp\/v2\/product"}],"about":[{"href":"https:\/\/seaandsea.eu\/sv\/wp-json\/wp\/v2\/types\/product"}],"replies":[{"embeddable":true,"href":"https:\/\/seaandsea.eu\/sv\/wp-json\/wp\/v2\/comments?post=349"}],"wp:featuredmedia":[{"embeddable":true,"href":"https:\/\/seaandsea.eu\/sv\/wp-json\/wp\/v2\/media\/350"}],"wp:attachment":[{"href":"https:\/\/seaandsea.eu\/sv\/wp-json\/wp\/v2\/media?parent=349"}],"wp:term":[{"taxonomy":"product_cat","embeddable":true,"href":"https:\/\/seaandsea.eu\/sv\/wp-json\/wp\/v2\/product_cat?post=349"},{"taxonomy":"product_tag","embeddable":true,"href":"https:\/\/seaandsea.eu\/sv\/wp-json\/wp\/v2\/product_tag?post=349"}],"curies":[{"name":"wp","href":"https:\/\/api.w.org\/{rel}","templated":true}]}}